{"id":11429,"date":"2025-08-05T08:19:19","date_gmt":"2025-08-05T06:19:19","guid":{"rendered":"https:\/\/informationdemocracy.org\/politique-de-confidentialite\/"},"modified":"2025-09-19T17:10:48","modified_gmt":"2025-09-19T15:10:48","slug":"politique-de-confidentialite","status":"publish","type":"page","link":"https:\/\/informationdemocracy.org\/fr\/politique-de-confidentialite\/","title":{"rendered":"Politique de confidentialit\u00e9"},"content":{"rendered":"\n<p><strong>1. Introduction<\/strong><br\/>Le Forum sur l&rsquo;information et la d\u00e9mocratie (\u00ab\u00a0le Forum\u00a0\u00bb) s&rsquo;engage \u00e0 prot\u00e9ger les informations personnelles de tous les visiteurs de son site web <a href=\"http:\/\/www.informationdemocracy.org\/\">http:\/\/www.informationdemocracy.org.<\/a> La pr\u00e9sente politique de confidentialit\u00e9 explique quelles donn\u00e9es personnelles nous collectons, comment nous les utilisons et quels sont vos droits en la mati\u00e8re. <\/p>\n\n<p><strong>2. Contr\u00f4leur des donn\u00e9es<\/strong><br\/>Forum sur l&rsquo;information et la d\u00e9mocratie<br\/>Si\u00e8ge : CS 90247, 75083 Paris CEDEX 02<br\/>Email : <a>contact@informationdemocracy.org<\/a><\/p>\n\n<p><strong>3. Donn\u00e9es personnelles collect\u00e9es<\/strong><br\/>Le Forum ne collecte des informations personnelles que lorsque celles-ci sont fournies volontairement par les utilisateurs, par exemple :<\/p>\n\n<ul class=\"wp-block-list\">\n<li>Formulaires de contact (nom, courriel, organisation\/soci\u00e9t\u00e9)<\/li>\n\n\n\n<li>Abonnement \u00e0 la lettre d&rsquo;information<\/li>\n\n\n\n<li>Participation \u00e0 des enqu\u00eates, \u00e0 des appels \u00e0 contribution ou \u00e0 des demandes d&#8217;emploi<\/li>\n<\/ul>\n\n<p><strong>4. Finalit\u00e9 du traitement<\/strong><br\/>Les donn\u00e9es \u00e0 caract\u00e8re personnel sont utilis\u00e9es uniquement pour :<\/p>\n\n<ul class=\"wp-block-list\">\n<li>Envoi de mises \u00e0 jour, de bulletins d&rsquo;information ou d&rsquo;invitations \u00e0 des \u00e9v\u00e9nements<\/li>\n\n\n\n<li>R\u00e9pondre aux demandes de renseignements ou aux requ\u00eates<\/li>\n\n\n\n<li>Am\u00e9liorer et personnaliser les services offerts<\/li>\n\n\n\n<li>Respecter les obligations l\u00e9gales<\/li>\n<\/ul>\n\n<p><strong>5. Base juridique du traitement<\/strong><\/p>\n\n<ul class=\"wp-block-list\">\n<li>Consentement : lorsque les utilisateurs s&rsquo;inscrivent \u00e0 des bulletins d&rsquo;information ou soumettent des formulaires.<\/li>\n\n\n\n<li>Int\u00e9r\u00eat l\u00e9gitime : maintenir le site web et communiquer avec les sympathisants.<\/li>\n\n\n\n<li>Obligation l\u00e9gale : pour le respect de la r\u00e9glementation.<\/li>\n<\/ul>\n\n<p><strong>6. Partage des donn\u00e9es<\/strong><br\/>Le Forum ne vend ni n&rsquo;\u00e9change de donn\u00e9es \u00e0 caract\u00e8re personnel avec des tiers. Les donn\u00e9es ne peuvent \u00eatre divulgu\u00e9es que si la loi l&rsquo;exige. <\/p>\n\n<p><strong>7. Conservation des donn\u00e9es<\/strong><br\/>Les donn\u00e9es \u00e0 caract\u00e8re personnel ne sont conserv\u00e9es qu&rsquo;aussi longtemps que n\u00e9cessaire aux fins d\u00e9crites ci-dessus, \u00e0 moins qu&rsquo;une p\u00e9riode plus longue ne soit requise par la loi.<\/p>\n\n<p><strong>8. S\u00e9curit\u00e9 des donn\u00e9es<\/strong><br\/>Le Forum prend les mesures techniques et organisationnelles appropri\u00e9es pour prot\u00e9ger les donn\u00e9es \u00e0 caract\u00e8re personnel contre tout acc\u00e8s, modification, divulgation ou destruction non autoris\u00e9s.<\/p>\n\n<p><strong>9. Droits des utilisateurs<\/strong><br\/>En vertu du droit fran\u00e7ais et du droit communautaire, les utilisateurs ont le droit de :<\/p>\n\n<ul class=\"wp-block-list\">\n<li>Acc\u00e9der \u00e0 leurs donn\u00e9es personnelles<\/li>\n\n\n\n<li>Rectifier les inexactitudes<\/li>\n\n\n\n<li>Demander la suppression ou la restriction du traitement<\/li>\n\n\n\n<li>S&rsquo;opposer au traitement<\/li>\n\n\n\n<li>Retirer son consentement \u00e0 tout moment (sans affecter la l\u00e9galit\u00e9 du traitement ant\u00e9rieur)<\/li>\n<\/ul>\n\n<p>Les demandes peuvent \u00eatre envoy\u00e9es par courrier \u00e9lectronique \u00e0 <strong><a>contact@informationdemocracy.org<\/a><\/strong> ou par courrier au si\u00e8ge du Forum. Les utilisateurs peuvent \u00e9galement contacter leur autorit\u00e9 locale de protection des donn\u00e9es. <\/p>\n\n<p><strong>10. Cookies<\/strong><br\/>Le site web utilise des cookies uniquement de la mani\u00e8re d\u00e9crite dans notre <a href=\"https:\/\/informationdemocracy.org\/fr\/cookies-ue\/\">politique en mati\u00e8re de cookies<\/a>. Les utilisateurs peuvent refuser les cookies \u00e0 tout moment. <\/p>\n\n<p><strong>11. Transferts de donn\u00e9es en dehors de l&rsquo;UE<\/strong><br\/>Le site web du Forum est h\u00e9berg\u00e9 par WordPress.com (\u00c9tats-Unis). Lorsque des donn\u00e9es sont transf\u00e9r\u00e9es en dehors de l&rsquo;UE, nous veillons \u00e0 ce qu&rsquo;elles soient conformes aux r\u00e9glementations applicables en mati\u00e8re de protection des donn\u00e9es. <\/p>\n\n<p><strong>12. Enfants<\/strong><br\/>Le site web n&rsquo;est pas destin\u00e9 aux enfants de moins de 15 ans. Nous ne collectons pas sciemment de donn\u00e9es personnelles aupr\u00e8s d&rsquo;individus de moins de 15 ans. <\/p>\n\n<p><strong>13. Mises \u00e0 jour de la politique de confidentialit\u00e9<\/strong><br\/>Le Forum peut mettre \u00e0 jour cette politique de confidentialit\u00e9 de temps \u00e0 autre. La derni\u00e8re version sera toujours publi\u00e9e sur le site web avec la date de r\u00e9vision. <\/p>\n","protected":false},"excerpt":{"rendered":"<p>1. IntroductionLe Forum sur l&rsquo;information et la d\u00e9mocratie (\u00ab\u00a0le Forum\u00a0\u00bb) s&rsquo;engage \u00e0 prot\u00e9ger les informations personnelles de tous les visiteurs de son site web http:\/\/www.informationdemocracy.org. La pr\u00e9sente politique de confidentialit\u00e9 explique quelles donn\u00e9es personnelles nous collectons, comment nous les utilisons et quels sont vos droits en la mati\u00e8re. 2. Contr\u00f4leur des donn\u00e9esForum sur l&rsquo;information et [&hellip;]<\/p>\n","protected":false},"author":1,"featured_media":11399,"parent":0,"menu_order":0,"comment_status":"closed","ping_status":"closed","template":"","meta":{"_acf_changed":false,"footnotes":""},"class_list":["post-11429","page","type-page","status-publish","has-post-thumbnail","hentry"],"acf":[],"yoast_head":"<!-- This site is optimized with the Yoast SEO plugin v27.4 - https:\/\/yoast.com\/product\/yoast-seo-wordpress\/ -->\n<title>Politique de confidentialit\u00e9 - Forum Information &amp; Democracy<\/title>\n<meta name=\"robots\" content=\"index, follow, max-snippet:-1, max-image-preview:large, max-video-preview:-1\" \/>\n<link rel=\"canonical\" href=\"https:\/\/informationdemocracy.org\/fr\/politique-de-confidentialite\/\" \/>\n<meta property=\"og:locale\" content=\"fr_FR\" \/>\n<meta property=\"og:type\" content=\"article\" \/>\n<meta property=\"og:title\" content=\"Politique de confidentialit\u00e9 - Forum Information &amp; Democracy\" \/>\n<meta property=\"og:description\" content=\"1. IntroductionLe Forum sur l&rsquo;information et la d\u00e9mocratie (\u00ab\u00a0le Forum\u00a0\u00bb) s&rsquo;engage \u00e0 prot\u00e9ger les informations personnelles de tous les visiteurs de son site web http:\/\/www.informationdemocracy.org. La pr\u00e9sente politique de confidentialit\u00e9 explique quelles donn\u00e9es personnelles nous collectons, comment nous les utilisons et quels sont vos droits en la mati\u00e8re. 2. Contr\u00f4leur des donn\u00e9esForum sur l&rsquo;information et [&hellip;]\" \/>\n<meta property=\"og:url\" content=\"https:\/\/informationdemocracy.org\/fr\/politique-de-confidentialite\/\" \/>\n<meta property=\"og:site_name\" content=\"Forum Information &amp; Democracy\" \/>\n<meta property=\"article:modified_time\" content=\"2025-09-19T15:10:48+00:00\" \/>\n<meta property=\"og:image\" content=\"https:\/\/informationdemocracy.org\/wp-content\/uploads\/2025\/09\/Featured-image-.png\" \/>\n\t<meta property=\"og:image:width\" content=\"1200\" \/>\n\t<meta property=\"og:image:height\" content=\"675\" \/>\n\t<meta property=\"og:image:type\" content=\"image\/png\" \/>\n<meta name=\"twitter:card\" content=\"summary_large_image\" \/>\n<meta name=\"twitter:label1\" content=\"Dur\u00e9e de lecture estim\u00e9e\" \/>\n\t<meta name=\"twitter:data1\" content=\"3 minutes\" \/>\n<script type=\"application\/ld+json\" class=\"yoast-schema-graph\">{\"@context\":\"https:\\\/\\\/schema.org\",\"@graph\":[{\"@type\":\"WebPage\",\"@id\":\"https:\\\/\\\/informationdemocracy.org\\\/fr\\\/politique-de-confidentialite\\\/\",\"url\":\"https:\\\/\\\/informationdemocracy.org\\\/fr\\\/politique-de-confidentialite\\\/\",\"name\":\"Politique de confidentialit\u00e9 - Forum Information &amp; Democracy\",\"isPartOf\":{\"@id\":\"https:\\\/\\\/informationdemocracy.org\\\/fr\\\/#website\"},\"primaryImageOfPage\":{\"@id\":\"https:\\\/\\\/informationdemocracy.org\\\/fr\\\/politique-de-confidentialite\\\/#primaryimage\"},\"image\":{\"@id\":\"https:\\\/\\\/informationdemocracy.org\\\/fr\\\/politique-de-confidentialite\\\/#primaryimage\"},\"thumbnailUrl\":\"https:\\\/\\\/informationdemocracy.org\\\/wp-content\\\/uploads\\\/2025\\\/09\\\/Featured-image-.png\",\"datePublished\":\"2025-08-05T06:19:19+00:00\",\"dateModified\":\"2025-09-19T15:10:48+00:00\",\"breadcrumb\":{\"@id\":\"https:\\\/\\\/informationdemocracy.org\\\/fr\\\/politique-de-confidentialite\\\/#breadcrumb\"},\"inLanguage\":\"fr-FR\",\"potentialAction\":[{\"@type\":\"ReadAction\",\"target\":[\"https:\\\/\\\/informationdemocracy.org\\\/fr\\\/politique-de-confidentialite\\\/\"]}]},{\"@type\":\"ImageObject\",\"inLanguage\":\"fr-FR\",\"@id\":\"https:\\\/\\\/informationdemocracy.org\\\/fr\\\/politique-de-confidentialite\\\/#primaryimage\",\"url\":\"https:\\\/\\\/informationdemocracy.org\\\/wp-content\\\/uploads\\\/2025\\\/09\\\/Featured-image-.png\",\"contentUrl\":\"https:\\\/\\\/informationdemocracy.org\\\/wp-content\\\/uploads\\\/2025\\\/09\\\/Featured-image-.png\",\"width\":1200,\"height\":675},{\"@type\":\"BreadcrumbList\",\"@id\":\"https:\\\/\\\/informationdemocracy.org\\\/fr\\\/politique-de-confidentialite\\\/#breadcrumb\",\"itemListElement\":[{\"@type\":\"ListItem\",\"position\":1,\"name\":\"Accueil\",\"item\":\"https:\\\/\\\/informationdemocracy.org\\\/fr\\\/\"},{\"@type\":\"ListItem\",\"position\":2,\"name\":\"Politique de confidentialit\u00e9\"}]},{\"@type\":\"WebSite\",\"@id\":\"https:\\\/\\\/informationdemocracy.org\\\/fr\\\/#website\",\"url\":\"https:\\\/\\\/informationdemocracy.org\\\/fr\\\/\",\"name\":\"Forum on Information & Democracy\",\"description\":\"\",\"publisher\":{\"@id\":\"https:\\\/\\\/informationdemocracy.org\\\/fr\\\/#organization\"},\"potentialAction\":[{\"@type\":\"SearchAction\",\"target\":{\"@type\":\"EntryPoint\",\"urlTemplate\":\"https:\\\/\\\/informationdemocracy.org\\\/fr\\\/?s={search_term_string}\"},\"query-input\":{\"@type\":\"PropertyValueSpecification\",\"valueRequired\":true,\"valueName\":\"search_term_string\"}}],\"inLanguage\":\"fr-FR\"},{\"@type\":\"Organization\",\"@id\":\"https:\\\/\\\/informationdemocracy.org\\\/fr\\\/#organization\",\"name\":\"Forum on Information & Democracy\",\"url\":\"https:\\\/\\\/informationdemocracy.org\\\/fr\\\/\",\"logo\":{\"@type\":\"ImageObject\",\"inLanguage\":\"fr-FR\",\"@id\":\"https:\\\/\\\/informationdemocracy.org\\\/fr\\\/#\\\/schema\\\/logo\\\/image\\\/\",\"url\":\"https:\\\/\\\/informationdemocracy.org\\\/wp-content\\\/uploads\\\/2025\\\/09\\\/Logo.svg\",\"contentUrl\":\"https:\\\/\\\/informationdemocracy.org\\\/wp-content\\\/uploads\\\/2025\\\/09\\\/Logo.svg\",\"width\":168,\"height\":51,\"caption\":\"Forum on Information & Democracy\"},\"image\":{\"@id\":\"https:\\\/\\\/informationdemocracy.org\\\/fr\\\/#\\\/schema\\\/logo\\\/image\\\/\"},\"sameAs\":[\"https:\\\/\\\/www.linkedin.com\\\/company\\\/forum-information-democracy\",\"https:\\\/\\\/www.youtube.com\\\/playlist?list=PL-yF0NqTYQU2B3I97oh3Dv2Dfevd8ThM_\",\"https:\\\/\\\/www.instagram.com\\\/foruminformationdemocracy\\\/\"]}]}<\/script>\n<!-- \/ Yoast SEO plugin. -->","yoast_head_json":{"title":"Politique de confidentialit\u00e9 - Forum Information &amp; Democracy","robots":{"index":"index","follow":"follow","max-snippet":"max-snippet:-1","max-image-preview":"max-image-preview:large","max-video-preview":"max-video-preview:-1"},"canonical":"https:\/\/informationdemocracy.org\/fr\/politique-de-confidentialite\/","og_locale":"fr_FR","og_type":"article","og_title":"Politique de confidentialit\u00e9 - Forum Information &amp; Democracy","og_description":"1. IntroductionLe Forum sur l&rsquo;information et la d\u00e9mocratie (\u00ab\u00a0le Forum\u00a0\u00bb) s&rsquo;engage \u00e0 prot\u00e9ger les informations personnelles de tous les visiteurs de son site web http:\/\/www.informationdemocracy.org. La pr\u00e9sente politique de confidentialit\u00e9 explique quelles donn\u00e9es personnelles nous collectons, comment nous les utilisons et quels sont vos droits en la mati\u00e8re. 2. Contr\u00f4leur des donn\u00e9esForum sur l&rsquo;information et [&hellip;]","og_url":"https:\/\/informationdemocracy.org\/fr\/politique-de-confidentialite\/","og_site_name":"Forum Information &amp; Democracy","article_modified_time":"2025-09-19T15:10:48+00:00","og_image":[{"width":1200,"height":675,"url":"https:\/\/informationdemocracy.org\/wp-content\/uploads\/2025\/09\/Featured-image-.png","type":"image\/png"}],"twitter_card":"summary_large_image","twitter_misc":{"Dur\u00e9e de lecture estim\u00e9e":"3 minutes"},"schema":{"@context":"https:\/\/schema.org","@graph":[{"@type":"WebPage","@id":"https:\/\/informationdemocracy.org\/fr\/politique-de-confidentialite\/","url":"https:\/\/informationdemocracy.org\/fr\/politique-de-confidentialite\/","name":"Politique de confidentialit\u00e9 - Forum Information &amp; Democracy","isPartOf":{"@id":"https:\/\/informationdemocracy.org\/fr\/#website"},"primaryImageOfPage":{"@id":"https:\/\/informationdemocracy.org\/fr\/politique-de-confidentialite\/#primaryimage"},"image":{"@id":"https:\/\/informationdemocracy.org\/fr\/politique-de-confidentialite\/#primaryimage"},"thumbnailUrl":"https:\/\/informationdemocracy.org\/wp-content\/uploads\/2025\/09\/Featured-image-.png","datePublished":"2025-08-05T06:19:19+00:00","dateModified":"2025-09-19T15:10:48+00:00","breadcrumb":{"@id":"https:\/\/informationdemocracy.org\/fr\/politique-de-confidentialite\/#breadcrumb"},"inLanguage":"fr-FR","potentialAction":[{"@type":"ReadAction","target":["https:\/\/informationdemocracy.org\/fr\/politique-de-confidentialite\/"]}]},{"@type":"ImageObject","inLanguage":"fr-FR","@id":"https:\/\/informationdemocracy.org\/fr\/politique-de-confidentialite\/#primaryimage","url":"https:\/\/informationdemocracy.org\/wp-content\/uploads\/2025\/09\/Featured-image-.png","contentUrl":"https:\/\/informationdemocracy.org\/wp-content\/uploads\/2025\/09\/Featured-image-.png","width":1200,"height":675},{"@type":"BreadcrumbList","@id":"https:\/\/informationdemocracy.org\/fr\/politique-de-confidentialite\/#breadcrumb","itemListElement":[{"@type":"ListItem","position":1,"name":"Accueil","item":"https:\/\/informationdemocracy.org\/fr\/"},{"@type":"ListItem","position":2,"name":"Politique de confidentialit\u00e9"}]},{"@type":"WebSite","@id":"https:\/\/informationdemocracy.org\/fr\/#website","url":"https:\/\/informationdemocracy.org\/fr\/","name":"Forum on Information & Democracy","description":"","publisher":{"@id":"https:\/\/informationdemocracy.org\/fr\/#organization"},"potentialAction":[{"@type":"SearchAction","target":{"@type":"EntryPoint","urlTemplate":"https:\/\/informationdemocracy.org\/fr\/?s={search_term_string}"},"query-input":{"@type":"PropertyValueSpecification","valueRequired":true,"valueName":"search_term_string"}}],"inLanguage":"fr-FR"},{"@type":"Organization","@id":"https:\/\/informationdemocracy.org\/fr\/#organization","name":"Forum on Information & Democracy","url":"https:\/\/informationdemocracy.org\/fr\/","logo":{"@type":"ImageObject","inLanguage":"fr-FR","@id":"https:\/\/informationdemocracy.org\/fr\/#\/schema\/logo\/image\/","url":"https:\/\/informationdemocracy.org\/wp-content\/uploads\/2025\/09\/Logo.svg","contentUrl":"https:\/\/informationdemocracy.org\/wp-content\/uploads\/2025\/09\/Logo.svg","width":168,"height":51,"caption":"Forum on Information & Democracy"},"image":{"@id":"https:\/\/informationdemocracy.org\/fr\/#\/schema\/logo\/image\/"},"sameAs":["https:\/\/www.linkedin.com\/company\/forum-information-democracy","https:\/\/www.youtube.com\/playlist?list=PL-yF0NqTYQU2B3I97oh3Dv2Dfevd8ThM_","https:\/\/www.instagram.com\/foruminformationdemocracy\/"]}]}},"_links":{"self":[{"href":"https:\/\/informationdemocracy.org\/fr\/wp-json\/wp\/v2\/pages\/11429","targetHints":{"allow":["GET"]}}],"collection":[{"href":"https:\/\/informationdemocracy.org\/fr\/wp-json\/wp\/v2\/pages"}],"about":[{"href":"https:\/\/informationdemocracy.org\/fr\/wp-json\/wp\/v2\/types\/page"}],"author":[{"embeddable":true,"href":"https:\/\/informationdemocracy.org\/fr\/wp-json\/wp\/v2\/users\/1"}],"replies":[{"embeddable":true,"href":"https:\/\/informationdemocracy.org\/fr\/wp-json\/wp\/v2\/comments?post=11429"}],"version-history":[{"count":0,"href":"https:\/\/informationdemocracy.org\/fr\/wp-json\/wp\/v2\/pages\/11429\/revisions"}],"wp:featuredmedia":[{"embeddable":true,"href":"https:\/\/informationdemocracy.org\/fr\/wp-json\/wp\/v2\/media\/11399"}],"wp:attachment":[{"href":"https:\/\/informationdemocracy.org\/fr\/wp-json\/wp\/v2\/media?parent=11429"}],"curies":[{"name":"wp","href":"https:\/\/api.w.org\/{rel}","templated":true}]}}